{"id":4432,"date":"2023-04-18T20:35:47","date_gmt":"2023-04-18T18:35:47","guid":{"rendered":"https:\/\/busfreundewp.chatacomben.de\/?page_id=4432"},"modified":"2026-04-26T15:29:45","modified_gmt":"2026-04-26T13:29:45","slug":"anmeldung","status":"publish","type":"page","link":"https:\/\/vw-bus-freunde-lenggries.de\/index.php\/anmeldung\/","title":{"rendered":"Anmeldung"},"content":{"rendered":"<div data-colibri-id=\"4432-c1\" class=\"style-350 style-local-4432-c1 position-relative\">\n  <!---->\n  <div data-colibri-component=\"section\" data-colibri-id=\"4432-c2\" id=\"custom\" class=\"h-section h-section-global-spacing d-flex align-items-lg-center align-items-md-center align-items-center style-351 style-local-4432-c2 position-relative\">\n    <!---->\n    <!---->\n    <div class=\"h-section-grid-container h-section-boxed-container\">\n      <!---->\n      <div data-colibri-id=\"4432-c3\" class=\"h-row-container gutters-row-lg-1 gutters-row-md-1 gutters-row-0 gutters-row-v-lg-1 gutters-row-v-md-1 gutters-row-v-1 style-524 style-local-4432-c3 position-relative\">\n        <!---->\n        <div class=\"h-row justify-content-lg-center justify-content-md-center justify-content-center align-items-lg-stretch align-items-md-stretch align-items-stretch gutters-col-lg-1 gutters-col-md-1 gutters-col-0 gutters-col-v-lg-1 gutters-col-v-md-1 gutters-col-v-1\">\n          <!---->\n          <div class=\"h-column h-column-container d-flex h-col-lg-auto h-col-md-auto h-col-auto style-525-outer style-local-4432-c4-outer\">\n            <div data-colibri-id=\"4432-c4\" class=\"d-flex h-flex-basis h-column__inner h-px-lg-1 h-px-md-1 h-px-1 v-inner-lg-1 v-inner-md-1 v-inner-1 style-525 style-local-4432-c4 position-relative\">\n              <!---->\n              <!---->\n              <div class=\"w-100 h-y-container h-column__content h-column__v-align flex-basis-100 align-self-lg-start align-self-md-start align-self-start\">\n                <!---->\n                <div data-colibri-id=\"4432-c5\" class=\"h-global-transition-all h-heading style-527 style-local-4432-c5 position-relative h-element\">\n                  <!---->\n                  <div class=\"h-heading__outer style-527 style-local-4432-c5\">\n                    <!---->\n                    <!---->\n                    <h2 class=\"\"><span style=\"font-weight: 600;\">Willkommen zum 25. VW Bus S\u00fcdbayerntreffen<\/span><\/h2>\n                  <\/div>\n                <\/div>\n              <\/div>\n            <\/div>\n          <\/div>\n        <\/div>\n      <\/div>\n      <div data-colibri-id=\"4432-c6\" class=\"h-row-container gutters-row-lg-2 gutters-row-md-2 gutters-row-0 gutters-row-v-lg-2 gutters-row-v-md-2 gutters-row-v-2 style-352 style-local-4432-c6 position-relative\">\n        <!---->\n        <div class=\"h-row justify-content-lg-center justify-content-md-center justify-content-center align-items-lg-stretch align-items-md-stretch align-items-stretch gutters-col-lg-2 gutters-col-md-2 gutters-col-0 gutters-col-v-lg-2 gutters-col-v-md-2 gutters-col-v-2\">\n          <!---->\n          <div class=\"h-column h-column-container d-flex h-col-lg-auto h-col-md-auto h-col-auto style-353-outer style-local-4432-c7-outer\">\n            <div data-colibri-id=\"4432-c7\" class=\"d-flex h-flex-basis h-column__inner h-px-lg-2 h-px-md-2 h-px-2 v-inner-lg-2 v-inner-md-2 v-inner-2 style-353 style-local-4432-c7 position-relative\">\n              <!---->\n              <!---->\n              <div class=\"w-100 h-y-container h-column__content h-column__v-align flex-basis-100 align-self-lg-start align-self-md-start align-self-start\">\n                <!---->\n                <div data-colibri-id=\"4432-c8\" class=\"h-text h-text-component style-354 style-local-4432-c8 position-relative h-element\">\n                  <!---->\n                  <!---->\n                  <div class=\"\">\n                    <p>Wir d\u00fcrfen Euch auf einem naturgewaltigen Campingplatz im s\u00fcdlichen Oberbayern vom 12.06.-14.06.2026, zwischen Garmisch Partenkirchen, Kr\u00fcn und Mittenwald begr\u00fc\u00dfen. Ein Platz inmitten von B\u00e4umen, umsp\u00fclt von der Isar und am Fu\u00dfe des\n                      bis zu 2749m Karwendelgebirges. Direkt vor der Karwendelspitze mit ihrer imposanten Felswand und unweit von Mittenwald. Ein nat\u00fcrlicher und romantischer Platz, fast wie in Norwegen. Das mega Alpengl\u00fchen ist bei sch\u00f6nem Wetter fast\n                      ein Garant.<\/p>\n                    <p>Anmeldungen zum 25. internationalen VW Bus S\u00fcdbayerntreffen erfolgen&nbsp;<strong><u>ausschlie\u00dflich<\/u><\/strong> \u00fcber diese <strong><u>Onlineameldung<\/u><\/strong>.&nbsp;Der <strong>Campingplatz<\/strong> selbst <strong>nimmt keinerlei Reservierungen <\/strong>f\u00fcr\n                      das Bustreffen <strong>an<\/strong>.&nbsp;<span style=\"font-weight: 400; font-size: 16px; font-family: Allerta; color: rgb(255, 255, 255);\">Die Pl\u00e4tze sind limitiert! Ist die maximale Anzahl der Teilnehmer\/G\u00e4ste erreicht wird die Online Anmeldung geschlossen.<\/span><\/p>\n                    <p>\n                      <u style=\"font-weight: 400; font-size: 16px; font-family: Allerta; color: rgb(255, 255, 255);\">Tipps &amp; Infos<\/u>\n                    <\/p>\n                    <p>Ihr k\u00f6nnt auf dem Treffen bis <strong><u>maximal 23 Uhr<\/u><\/strong> auf den Platz fahren.<\/p>\n                    <p>Selbstverst\u00e4ndlich gibt es auf dem Naturcampingpark Isarhorn einen Kinderspielplatz.<\/p>\n                    <p>Das Gel\u00e4nde ist nicht immer eben, nehmt Euch Unterlegmaterial mit.<\/p>\n                    <p>Der nord\u00f6stlichste Teil des Campingplatzes hat keine Stromversorgung, Ihr ben\u00f6tigt Kabeltrommeln um vom oberen Bereich Strom zu organisieren.<\/p>\n                    <p>Bei zu starker Trockenheit und Waldbrandgefahr ist offenes Feuer strengstens Verboten.<\/p>\n                    <p>Bitte haltet Euch an die Anweisungen der Einweiser und Anmeldeteam.<\/p>\n                    <p>Das Wetter sieht wie immer recht gut aus. Tipp! Wasserfeste Sonnencreme mit nehmen \ud83d\ude09<\/p>\n                    <p>Nun auch eine <strong>Bitte an Euch<\/strong>.&nbsp;<span style=\"color: rgb(242, 187, 32);\">!!!!&nbsp;&nbsp;<\/span><strong style=\"color: rgb(242, 187, 32);\">Wer nicht kommen kann&#8230;. bitte sagt uns ab&nbsp;!!!!&nbsp;<\/strong><span style=\"color: rgb(242, 187, 32);\"> <\/span>Wir\n                      k\u00f6nnen den Platz an andere wieder vergeben. Nichts ist \u00e4rgerlicher, wie&#8230;&nbsp;&#8222;ja&#8230; das Wetter ist gerade schlecht und dann komme ich halt nicht&#8220;&nbsp;und andere w\u00fcrde das nicht st\u00f6ren. Wer pl\u00f6tzlich krank wird, oder schwerwiegende\n                      pers\u00f6nliche Gr\u00fcnde hat&#8230;. gar kein Thema, das verstehen wir.<\/p>\n                    <p>Wir sind eine gro\u00dfe Familie und Gemeinschaft. Die stets zusammen h\u00e4lt, lasst es uns auch dieses mal tun.<\/p>\n                    <p>Haftungsausschluss: Es handelt sich um ein Treffen auf einem Campingplatz. Stefan K\u00fcnkele und die VW Bus Freunde Lenggries \u00fcbernehmen keinerlei Haftung f\u00fcr Sch\u00e4den w\u00e4hrend des Bustreffens. F\u00fcr jeden Schaden und Besch\u00e4digung muss jeder\n                      Teilnehmer und Besucher selbst aufkommen. Teilnahme am VW Bus Treffen auf eigene Gefahr. Das Urheberrecht aller entstandenen Bilder am Platz geht automatisch mit der abgeschlossenen Onlineabmeldung und&nbsp;Unterschrift vor Ort an\n                      Stefan K\u00fcnkele. Es ist keine Veranstaltung, lediglich ein Treffen zuf\u00e4lliger Personen auf einem Campingplatz. Mit der Anmeldung\/Unterschrift stimmst Du den gelesenen und verstandenen Teilnahmebedingungen zu.<\/p>\n                    <p>Nun endlich geht es hier zur Onlineanmeldung<\/p>\n                  <\/div>\n                <\/div>\n              <\/div>\n            <\/div>\n          <\/div>\n        <\/div>\n      <\/div>\n      <div data-colibri-id=\"4432-c9\" class=\"h-row-container gutters-row-lg-2 gutters-row-md-2 gutters-row-0 gutters-row-v-lg-2 gutters-row-v-md-2 gutters-row-v-2 style-541 style-local-4432-c9 position-relative\">\n        <!---->\n        <div class=\"h-row justify-content-lg-center justify-content-md-center justify-content-center align-items-lg-stretch align-items-md-stretch align-items-stretch gutters-col-lg-2 gutters-col-md-2 gutters-col-0 gutters-col-v-lg-2 gutters-col-v-md-2 gutters-col-v-2\">\n          <!---->\n          <div class=\"h-column h-column-container d-flex h-col-lg-auto h-col-md-auto h-col-auto style-542-outer style-local-4432-c10-outer\">\n            <div data-colibri-id=\"4432-c10\" class=\"d-flex h-flex-basis h-column__inner h-px-lg-2 h-px-md-2 h-px-2 v-inner-lg-2 v-inner-md-2 v-inner-2 style-542 style-local-4432-c10 position-relative\">\n              <!---->\n              <!---->\n              <div class=\"w-100 h-y-container h-column__content h-column__v-align flex-basis-100 align-self-lg-start align-self-md-start align-self-start\">\n                <!---->\n                <div data-colibri-id=\"4432-c11\" class=\"h-x-container style-545 style-local-4432-c11 position-relative h-element\">\n                  <!---->\n                  <div class=\"h-x-container-inner style-dynamic-4432-c11-group style-545-spacing style-local-4432-c11-spacing\"><span class=\"h-button__outer style-546-outer style-local-4432-c12-outer d-inline-flex h-element\"><a h-use-smooth-scroll=\"true\" href=\"https:\/\/vw-bus-freunde-lenggries.de\/index.php\/shop\/\"  data-colibri-id=\"4432-c12\" class=\"d-flex w-100 align-items-center h-button justify-content-lg-center justify-content-md-center justify-content-center style-546 style-local-4432-c12 position-relative\"><!----><!----> <span>Zur Anmeldung<\/span><\/a>\n                    <\/span>\n                  <\/div>\n                <\/div>\n              <\/div>\n            <\/div>\n          <\/div>\n        <\/div>\n      <\/div>\n      <div data-colibri-id=\"4432-c13\" class=\"h-row-container gutters-row-lg-2 gutters-row-md-2 gutters-row-0 gutters-row-v-lg-2 gutters-row-v-md-2 gutters-row-v-2 style-530 style-local-4432-c13 position-relative\">\n        <!---->\n        <div class=\"h-row justify-content-lg-center justify-content-md-center justify-content-center align-items-lg-stretch align-items-md-stretch align-items-stretch gutters-col-lg-2 gutters-col-md-2 gutters-col-0 gutters-col-v-lg-2 gutters-col-v-md-2 gutters-col-v-2\">\n          <!---->\n          <div class=\"h-column h-column-container d-flex h-col-lg-auto h-col-md-auto h-col-auto style-531-outer style-local-4432-c14-outer\">\n            <div data-colibri-id=\"4432-c14\" class=\"d-flex h-flex-basis h-column__inner h-px-lg-2 h-px-md-2 h-px-2 v-inner-lg-2 v-inner-md-2 v-inner-2 style-531 style-local-4432-c14 position-relative\">\n              <!---->\n              <!---->\n              <div class=\"w-100 h-y-container h-column__content h-column__v-align flex-basis-100 align-self-lg-start align-self-md-start align-self-start\">\n                <!---->\n                <div data-colibri-id=\"4432-c15\" class=\"h-text h-text-component style-539 style-local-4432-c15 position-relative h-element\">\n                  <!---->\n                  <!---->\n                  <div class=\"\">\n                    <p><em>Wer fr\u00fcher anreist oder gerne auch l\u00e4nger bleiben m\u00f6chte, ist dem Campingplatz Isarhorn herzlichst willkommen und darf sich an der Campingplatz Rezeption anmelden. Bitte gebt an, dass ihr zum VW Bus Treffen m\u00f6chtet und legt Eure Anmeldung zum Bustreffen vor. Euch wird dann ein Platz zugewiesen. Ggfs. m\u00fcssen wir Euch dann nochmals umstellen, damit wir alle G\u00e4ste auf den Platz bekommen.<\/em><\/p>\n                  <\/div>\n                <\/div>\n              <\/div>\n            <\/div>\n          <\/div>\n        <\/div>\n      <\/div>\n      <div data-colibri-id=\"4432-c16\" class=\"h-row-container gutters-row-lg-2 gutters-row-md-2 gutters-row-0 gutters-row-v-lg-2 gutters-row-v-md-2 gutters-row-v-2 style-530 style-local-4432-c16 position-relative\">\n        <!---->\n        <div class=\"h-row justify-content-lg-center justify-content-md-center justify-content-center align-items-lg-stretch align-items-md-stretch align-items-stretch gutters-col-lg-2 gutters-col-md-2 gutters-col-0 gutters-col-v-lg-2 gutters-col-v-md-2 gutters-col-v-2\">\n          <!---->\n          <div class=\"h-column h-column-container d-flex h-col-lg-auto h-col-md-auto h-col-auto style-531-outer style-local-4432-c17-outer\">\n            <div data-colibri-id=\"4432-c17\" class=\"d-flex h-flex-basis h-column__inner h-px-lg-2 h-px-md-2 h-px-2 v-inner-lg-2 v-inner-md-2 v-inner-2 style-531 style-local-4432-c17 position-relative\">\n              <!---->\n              <!---->\n              <div class=\"w-100 h-y-container h-column__content h-column__v-align flex-basis-100 align-self-lg-start align-self-md-start align-self-start\">\n                <!---->\n                <div data-colibri-id=\"4432-c18\" class=\"h-text h-text-component style-538 style-local-4432-c18 position-relative h-element\">\n                  <!---->\n                  <!---->\n                  <div class=\"\">\n                    <p>Naturcampingpark Isarhorn <\/p>\n                    <p>\u00b7 Familie Haaf <\/p>\n                    <p>\u00b7 Am Horn 4 \u00b7 82481 Mittenwald <\/p>\n                    <p>\u00b7 Tel. 08823\/5216 <\/p>\n                    <p>\u00b7 Fax 08823\/8091<\/p>\n                  <\/div>\n                <\/div>\n                <div data-colibri-id=\"4432-c19\" class=\"h-x-container style-536 style-local-4432-c19 position-relative h-element\">\n                  <!---->\n                  <div class=\"h-x-container-inner style-dynamic-4432-c19-group style-536-spacing style-local-4432-c19-spacing\"><span class=\"h-link__outer style-537-outer style-local-4432-c20-outer d-inline-flex h-element\"><a h-use-smooth-scroll=\"true\" href=\"https:\/\/www.camping-isarhorn.de\/index.html\"  data-colibri-id=\"4432-c20\" class=\"d-flex w-100 align-items-center h-link style-537 style-local-4432-c20 position-relative\"><!----><!----> <span>Homepage des Campingplatz Isarhorn<\/span><\/a>\n                    <\/span>\n                  <\/div>\n                <\/div>\n              <\/div>\n            <\/div>\n          <\/div>\n        <\/div>\n      <\/div>\n      <div data-colibri-id=\"4432-c21\" class=\"h-row-container gutters-row-lg-2 gutters-row-md-2 gutters-row-0 gutters-row-v-lg-2 gutters-row-v-md-2 gutters-row-v-2 style-530 style-local-4432-c21 position-relative\">\n        <!---->\n        <div class=\"h-row justify-content-lg-center justify-content-md-center justify-content-center align-items-lg-stretch align-items-md-stretch align-items-stretch gutters-col-lg-2 gutters-col-md-2 gutters-col-0 gutters-col-v-lg-2 gutters-col-v-md-2 gutters-col-v-2\">\n          <!---->\n          <div class=\"h-column h-column-container d-flex h-col-lg-auto h-col-md-auto h-col-auto style-531-outer style-local-4432-c22-outer\">\n            <div data-colibri-id=\"4432-c22\" class=\"d-flex h-flex-basis h-column__inner h-px-lg-2 h-px-md-2 h-px-2 v-inner-lg-2 v-inner-md-2 v-inner-2 style-531 style-local-4432-c22 position-relative\">\n              <!---->\n              <!---->\n              <div class=\"w-100 h-y-container h-column__content h-column__v-align flex-basis-100 align-self-lg-start align-self-md-start align-self-start\">\n                <!---->\n                <div data-colibri-id=\"4432-c23\" class=\"h-text h-text-component style-540 style-local-4432-c23 position-relative h-element\">\n                  <!---->\n                  <!---->\n                  <div class=\"\">\n                    <p>!!! Wir freuen uns auf ein richtig sch\u00f6nes und geniales Wochenende mit Euch !!!<\/p>\n                  <\/div>\n                <\/div>\n              <\/div>\n            <\/div>\n          <\/div>\n        <\/div>\n      <\/div>\n      <div data-colibri-id=\"4432-c24\" class=\"h-row-container gutters-row-lg-2 gutters-row-md-2 gutters-row-0 gutters-row-v-lg-2 gutters-row-v-md-2 gutters-row-v-2 style-355 style-local-4432-c24 position-relative\">\n        <!---->\n        <div class=\"h-row justify-content-lg-center justify-content-md-center justify-content-center align-items-lg-stretch align-items-md-stretch align-items-stretch gutters-col-lg-2 gutters-col-md-2 gutters-col-0 gutters-col-v-lg-2 gutters-col-v-md-2 gutters-col-v-2\">\n          <!---->\n          <div class=\"h-column h-column-container d-flex h-col-lg-auto h-col-md-auto h-col-auto style-356-outer style-local-4432-c25-outer\">\n            <div data-colibri-id=\"4432-c25\" class=\"d-flex h-flex-basis h-column__inner h-px-lg-2 h-px-md-2 h-px-2 v-inner-lg-2 v-inner-md-2 v-inner-2 style-356 style-local-4432-c25 position-relative\">\n              <!---->\n              <!---->\n              <div class=\"w-100 h-y-container h-column__content h-column__v-align flex-basis-100 align-self-lg-start align-self-md-start align-self-start\">\n                <!---->\n                <div data-colibri-id=\"4432-c26\" class=\"h-x-container style-358 style-local-4432-c26 position-relative h-element\">\n                  <!---->\n                  <div class=\"h-x-container-inner style-dynamic-4432-c26-group style-358-spacing style-local-4432-c26-spacing\"><span class=\"h-button__outer style-359-outer style-local-4432-c27-outer d-inline-flex h-element\"><a h-use-smooth-scroll=\"true\" href=\"https:\/\/vw-bus-freunde-lenggries.de\/index.php\/shop\/\"  data-colibri-id=\"4432-c27\" class=\"d-flex w-100 align-items-center h-button justify-content-lg-center justify-content-md-center justify-content-center style-359 style-local-4432-c27 position-relative\"><!----><!----> <span>Zur Anmeldung<\/span><\/a>\n                    <\/span>\n                  <\/div>\n                <\/div>\n              <\/div>\n            <\/div>\n          <\/div>\n        <\/div>\n      <\/div>\n    <\/div>\n  <\/div>\n<\/div>","protected":false},"excerpt":{"rendered":"<p>Willkommen zum 25. VW Bus S\u00fcdbayerntreffen Wir d\u00fcrfen Euch auf einem naturgewaltigen Campingplatz im s\u00fcdlichen Oberbayern vom 12.06.-14.06.2026, zwischen Garmisch Partenkirchen, Kr\u00fcn und Mittenwald begr\u00fc\u00dfen. Ein Platz inmitten von B\u00e4umen, umsp\u00fclt von der Isar und am Fu\u00dfe des bis zu 2749m Karwendelgebirges. Direkt vor der Karwendelspitze mit ihrer imposanten Felswand und unweit von Mittenwald. Ein [&hellip;]<\/p>\n","protected":false},"author":1,"featured_media":0,"parent":0,"menu_order":0,"comment_status":"closed","ping_status":"closed","template":"page-templates\/full-width-page.php","meta":{"footnotes":""},"class_list":["post-4432","page","type-page","status-publish","hentry","gallery-content-unit"],"_links":{"self":[{"href":"https:\/\/vw-bus-freunde-lenggries.de\/index.php\/wp-json\/wp\/v2\/pages\/4432","targetHints":{"allow":["GET"]}}],"collection":[{"href":"https:\/\/vw-bus-freunde-lenggries.de\/index.php\/wp-json\/wp\/v2\/pages"}],"about":[{"href":"https:\/\/vw-bus-freunde-lenggries.de\/index.php\/wp-json\/wp\/v2\/types\/page"}],"author":[{"embeddable":true,"href":"https:\/\/vw-bus-freunde-lenggries.de\/index.php\/wp-json\/wp\/v2\/users\/1"}],"replies":[{"embeddable":true,"href":"https:\/\/vw-bus-freunde-lenggries.de\/index.php\/wp-json\/wp\/v2\/comments?post=4432"}],"version-history":[{"count":13,"href":"https:\/\/vw-bus-freunde-lenggries.de\/index.php\/wp-json\/wp\/v2\/pages\/4432\/revisions"}],"predecessor-version":[{"id":6869,"href":"https:\/\/vw-bus-freunde-lenggries.de\/index.php\/wp-json\/wp\/v2\/pages\/4432\/revisions\/6869"}],"wp:attachment":[{"href":"https:\/\/vw-bus-freunde-lenggries.de\/index.php\/wp-json\/wp\/v2\/media?parent=4432"}],"curies":[{"name":"wp","href":"https:\/\/api.w.org\/{rel}","templated":true}]}}